{"id":3717,"date":"2018-11-05T09:14:11","date_gmt":"2018-11-05T08:14:11","guid":{"rendered":"http:\/\/ponceaucharmilles.fr\/web\/?page_id=3717"},"modified":"2019-04-03T16:25:53","modified_gmt":"2019-04-03T14:25:53","slug":"sous-traitance-industrielle","status":"publish","type":"page","link":"https:\/\/ponceaucharmilles.fr\/web\/sous-traitance-industrielle\/","title":{"rendered":"Sous-Traitance Industrielle"},"content":{"rendered":"<div>\n<div><\/div>\n<\/div>\n<h3><span style=\"color: #99cc00;\">La Sous-Traitance Industrielle<\/span><\/h3>\n<div>\n<p>L\u2019atelier sous-traitance industrielle est une activit\u00e9 de l\u2019ESAT-R Le Ponceau. Il propose \u00e0 des personnes en situation de handicap une activit\u00e9 professionnelle adapt\u00e9e aux comp\u00e9tences de chacun.<\/p>\n<\/div>\n<h2><span style=\"color: #99cc00;\">Nos activit\u00e9s<img loading=\"lazy\" class=\"wp-image-3923 alignleft\" src=\"http:\/\/ponceaucharmilles.fr\/web\/wp-content\/uploads\/2018\/11\/sous-traitance.jpg\" alt=\"\" width=\"342\" height=\"268\" srcset=\"https:\/\/ponceaucharmilles.fr\/web\/wp-content\/uploads\/2018\/11\/sous-traitance.jpg 800w, https:\/\/ponceaucharmilles.fr\/web\/wp-content\/uploads\/2018\/11\/sous-traitance-300x235.jpg 300w, https:\/\/ponceaucharmilles.fr\/web\/wp-content\/uploads\/2018\/11\/sous-traitance-768x601.jpg 768w\" sizes=\"(max-width: 342px) 100vw, 342px\" \/><\/span><\/h2>\n<p>Assemblage de calendriers publicitaires<\/p>\n<p>Montage et filage de cadres de ruches<\/p>\n<p>D\u00e9conditionnement de poudre de lait<\/p>\n<p>D\u00e9chenillage de formats circuits imprim\u00e9s ..<\/p>\n<p>Travaux sous trait\u00e9s \u00e0 la demande des entreprises du territoire.<\/p>\n<h2><span style=\"color: #99cc00;\">Effectifs:<\/span><\/h2>\n<p style=\"padding-left: 30px;\">Une vingtaine de travailleurs et 2 moniteurs d\u2019ateliers<\/p>\n","protected":false},"excerpt":{"rendered":"<p>La Sous-Traitance Industrielle L\u2019atelier sous-traitance industrielle est une activit\u00e9 de l\u2019ESAT-R Le Ponceau. Il propose \u00e0 des personnes en situation de handicap une activit\u00e9 professionnelle adapt\u00e9e aux comp\u00e9tences de chacun. &#8230;<\/p>\n","protected":false},"author":1,"featured_media":4170,"parent":0,"menu_order":0,"comment_status":"closed","ping_status":"closed","template":"template-fullwidth.php","meta":[],"_links":{"self":[{"href":"https:\/\/ponceaucharmilles.fr\/web\/wp-json\/wp\/v2\/pages\/3717"}],"collection":[{"href":"https:\/\/ponceaucharmilles.fr\/web\/wp-json\/wp\/v2\/pages"}],"about":[{"href":"https:\/\/ponceaucharmilles.fr\/web\/wp-json\/wp\/v2\/types\/page"}],"author":[{"embeddable":true,"href":"https:\/\/ponceaucharmilles.fr\/web\/wp-json\/wp\/v2\/users\/1"}],"replies":[{"embeddable":true,"href":"https:\/\/ponceaucharmilles.fr\/web\/wp-json\/wp\/v2\/comments?post=3717"}],"version-history":[{"count":14,"href":"https:\/\/ponceaucharmilles.fr\/web\/wp-json\/wp\/v2\/pages\/3717\/revisions"}],"predecessor-version":[{"id":4271,"href":"https:\/\/ponceaucharmilles.fr\/web\/wp-json\/wp\/v2\/pages\/3717\/revisions\/4271"}],"wp:featuredmedia":[{"embeddable":true,"href":"https:\/\/ponceaucharmilles.fr\/web\/wp-json\/wp\/v2\/media\/4170"}],"wp:attachment":[{"href":"https:\/\/ponceaucharmilles.fr\/web\/wp-json\/wp\/v2\/media?parent=3717"}],"curies":[{"name":"wp","href":"https:\/\/api.w.org\/{rel}","templated":true}]}}