{"id":3852,"date":"2018-11-05T11:49:05","date_gmt":"2018-11-05T10:49:05","guid":{"rendered":"http:\/\/ponceaucharmilles.fr\/web\/?page_id=3852"},"modified":"2025-04-03T17:22:32","modified_gmt":"2025-04-03T15:22:32","slug":"presentation","status":"publish","type":"page","link":"https:\/\/ponceaucharmilles.fr\/web\/qui-sommes-nous\/presentation\/","title":{"rendered":"Pr\u00e9sentation"},"content":{"rendered":"<div><\/div>\n<p><span style=\"color: #99cc00; text-transform: uppercase; letter-spacing: 2px; font-family: Raleway, Helvetica, Arial, sans-serif; font-size: 20px; font-weight: bold;\">Pr\u00e9sentation de l&#8217;association Ponceau Charmilles<\/span><\/p>\n<p>L\u2019association Aide Accueil Amiti\u00e9 Ponceau Charmilles accueille des personnes en situation de handicap au sein de ses \u00e9tablissements sur deux sites :<\/p>\n<h4>LE PONCEAU<\/h4>\n<ul style=\"list-style-type: square;\">\n<li>Un Etablissement et Services d\u2019Aide par le Travail &#8211; Rural (ESAT-R)<\/li>\n<\/ul>\n<h4>LES CHARMILLES<\/h4>\n<ul>\n<li>Un Foyer d\u2019H\u00e9bergement<\/li>\n<li>Un Foyer De Vie<\/li>\n<li>Des Logements Accompagn\u00e9s (LOGAC)<\/li>\n<li>Un Centre d\u2019Accueil et d\u2019Activit\u00e9 de Jour (CAAJ)<\/li>\n<\/ul>\n<p>L\u2019association Ponceau Charmilles est adh\u00e9rente \u00e0 la <a href=\"https:\/\/www.federation-paul-laize.com\/\" target=\"_blank\" rel=\"noopener\">F\u00e9d\u00e9ration Paul LAIZE<\/a> dont le si\u00e8ge est situ\u00e9 \u00e0 Laval.<br \/>\n<a href=\"http:\/\/ponceaucharmilles.fr\/web\/les-mots-cles-du-projet\/\" target=\"_blank\" rel=\"noopener noreferrer\">Le projet associatif<\/a> s\u2019appuie sur les valeurs de la f\u00e9d\u00e9ration et vise \u00e0 :<\/p>\n<ul>\n<li>Accueillir la personne en respectant sa dignit\u00e9 et sa singularit\u00e9.<\/li>\n<li>Proposer en permanence un accompagnement et un soutien adapt\u00e9s.<\/li>\n<li>Faire grandir les personnes accompagn\u00e9es en les valorisant et favorisant leur autonomie.<\/li>\n<li>Permettre la reconnaissance de chacun par les activit\u00e9s et\/ou le travail, en valorisant leurs r\u00e9alisations et cr\u00e9ations.<\/li>\n<li>Encourager toute action visant \u00e0 la solidarit\u00e9 et la lutte contre l&#8217;exclusion.<\/li>\n<li>Entretenir la convivialit\u00e9 entre tous les acteurs au service du bien vivre ensemble.<\/li>\n<\/ul>\n","protected":false},"excerpt":{"rendered":"<p>Pr\u00e9sentation de l&#8217;association Ponceau Charmilles L\u2019association Aide Accueil Amiti\u00e9 Ponceau Charmilles accueille des personnes en situation de handicap au sein de ses \u00e9tablissements sur deux sites : LE PONCEAU Un &#8230;<\/p>\n","protected":false},"author":1,"featured_media":0,"parent":3895,"menu_order":0,"comment_status":"closed","ping_status":"closed","template":"template-fullwidth.php","meta":[],"_links":{"self":[{"href":"https:\/\/ponceaucharmilles.fr\/web\/wp-json\/wp\/v2\/pages\/3852"}],"collection":[{"href":"https:\/\/ponceaucharmilles.fr\/web\/wp-json\/wp\/v2\/pages"}],"about":[{"href":"https:\/\/ponceaucharmilles.fr\/web\/wp-json\/wp\/v2\/types\/page"}],"author":[{"embeddable":true,"href":"https:\/\/ponceaucharmilles.fr\/web\/wp-json\/wp\/v2\/users\/1"}],"replies":[{"embeddable":true,"href":"https:\/\/ponceaucharmilles.fr\/web\/wp-json\/wp\/v2\/comments?post=3852"}],"version-history":[{"count":25,"href":"https:\/\/ponceaucharmilles.fr\/web\/wp-json\/wp\/v2\/pages\/3852\/revisions"}],"predecessor-version":[{"id":4669,"href":"https:\/\/ponceaucharmilles.fr\/web\/wp-json\/wp\/v2\/pages\/3852\/revisions\/4669"}],"up":[{"embeddable":true,"href":"https:\/\/ponceaucharmilles.fr\/web\/wp-json\/wp\/v2\/pages\/3895"}],"wp:attachment":[{"href":"https:\/\/ponceaucharmilles.fr\/web\/wp-json\/wp\/v2\/media?parent=3852"}],"curies":[{"name":"wp","href":"https:\/\/api.w.org\/{rel}","templated":true}]}}