{"id":3876,"date":"2018-11-05T12:02:02","date_gmt":"2018-11-05T11:02:02","guid":{"rendered":"http:\/\/ponceaucharmilles.fr\/web\/?page_id=3876"},"modified":"2019-04-03T17:42:50","modified_gmt":"2019-04-03T15:42:50","slug":"le-foyer-de-vie","status":"publish","type":"page","link":"https:\/\/ponceaucharmilles.fr\/web\/le-foyer-de-vie\/","title":{"rendered":"Le Foyer de Vie"},"content":{"rendered":"<div><\/div>\n<h3><strong><span style=\"color: #ff0000;\">Un lieu de vie s\u2019adaptant au rythme de chacun<\/span><\/strong><\/h3>\n<p>Le Foyer de Vie s\u2019adresse \u00e0 des personnes adultes qui ne peuvent ou ne souhaite plus exercer une activit\u00e9 professionnelle et qui sont d\u00e9sireuses\u00a0 de b\u00e9n\u00e9ficier d\u2019un h\u00e9bergement collectif et d\u2019un accompagnement tout au long de la journ\u00e9e. Il vous y est propos\u00e9<\/p>\n<p><span style=\"color: #ff0000;\"><strong><img loading=\"lazy\" class=\"wp-image-4031 alignleft\" src=\"http:\/\/ponceaucharmilles.fr\/web\/wp-content\/uploads\/2018\/11\/foyer-de-vie1.jpg\" alt=\"\" width=\"318\" height=\"257\" \/>Des espaces de vie adapt\u00e9s et personnalis\u00e9s :<\/strong><\/span><\/p>\n<p>Des studios individuels avec sanitaire privatif<\/p>\n<p>Des salles collectives de d\u00e9tente ou d\u2019ateliers<\/p>\n<p>Une cuisine collective pr\u00e9parant les repas sur place<\/p>\n<p>Un accompagnement personnalis\u00e9<\/p>\n<p>Un accompagnement \u00e0 la vie quotidienne<\/p>\n<p>Un rythme de vie adapt\u00e9 aux besoins de chacun<\/p>\n<p>Des activit\u00e9s ax\u00e9es sur l\u2019autonomie<\/p>\n<p>Des activit\u00e9s de loisirs et de d\u00e9tente<\/p>\n<p>Un acc\u00e8s aux services du territoire<\/p>\n","protected":false},"excerpt":{"rendered":"<p>Un lieu de vie s\u2019adaptant au rythme de chacun Le Foyer de Vie s\u2019adresse \u00e0 des personnes adultes qui ne peuvent ou ne souhaite plus exercer une activit\u00e9 professionnelle et &#8230;<\/p>\n","protected":false},"author":1,"featured_media":0,"parent":0,"menu_order":0,"comment_status":"closed","ping_status":"closed","template":"template-fullwidth.php","meta":[],"_links":{"self":[{"href":"https:\/\/ponceaucharmilles.fr\/web\/wp-json\/wp\/v2\/pages\/3876"}],"collection":[{"href":"https:\/\/ponceaucharmilles.fr\/web\/wp-json\/wp\/v2\/pages"}],"about":[{"href":"https:\/\/ponceaucharmilles.fr\/web\/wp-json\/wp\/v2\/types\/page"}],"author":[{"embeddable":true,"href":"https:\/\/ponceaucharmilles.fr\/web\/wp-json\/wp\/v2\/users\/1"}],"replies":[{"embeddable":true,"href":"https:\/\/ponceaucharmilles.fr\/web\/wp-json\/wp\/v2\/comments?post=3876"}],"version-history":[{"count":8,"href":"https:\/\/ponceaucharmilles.fr\/web\/wp-json\/wp\/v2\/pages\/3876\/revisions"}],"predecessor-version":[{"id":4308,"href":"https:\/\/ponceaucharmilles.fr\/web\/wp-json\/wp\/v2\/pages\/3876\/revisions\/4308"}],"wp:attachment":[{"href":"https:\/\/ponceaucharmilles.fr\/web\/wp-json\/wp\/v2\/media?parent=3876"}],"curies":[{"name":"wp","href":"https:\/\/api.w.org\/{rel}","templated":true}]}}